{"id":576,"date":"2026-04-21T16:23:41","date_gmt":"2026-04-21T16:23:41","guid":{"rendered":"https:\/\/www.tonymrocek.com\/?page_id=576"},"modified":"2026-04-30T19:49:08","modified_gmt":"2026-04-30T19:49:08","slug":"leadership-on-demand","status":"publish","type":"page","link":"https:\/\/www.tonymrocek.com\/sk\/leadership-on-demand\/","title":{"rendered":"| Leadership on Demand"},"content":{"rendered":"<p><\/p>\n\n\n\n<h1 class=\"wp-block-heading\">Operational leadership, without the full-time hire<\/h1>\n\n\n\n<p class=\"has-text-color has-link-color wp-elements-7e5cacb2559551039cfe17ffd33e725f\" style=\"color:#363739\">Prim\u00e1rne riadim firmy ako interim a frak\u010dn\u00fd l\u00edder; ke\u010f firma nest\u00edha a potrebuje sk\u00fasenos\u0165 bez za\u0161ko\u013eovania \u2013 nie \u010fal\u0161ieho zamestnanca na pln\u00fd \u00fav\u00e4zok. Vy\u0161e 20 rokov sk\u00fasenost\u00ed s riaden\u00edm, dnes ako partner v&nbsp;<strong><a href=\"https:\/\/www.mikealpha.eu\/leadership-on-demand\/\" target=\"_blank\" rel=\"noreferrer noopener\">Mike Alpha Consulting \u2192<\/a><\/strong>. Kou\u010ding vyr\u00e1stol z tej pr\u00e1ce: pre majite\u013eov a mana\u017e\u00e9rov, ktor\u00ed chc\u00fa my\u0161lienkov\u00fd r\u00e1mec bez pln\u00e9ho z\u00e1v\u00e4zku.<\/p>\n\n\n\n<p class=\"has-text-color has-link-color wp-elements-fb7bab769dd2358d7da90fcae4434382\" style=\"color:#363739\">V\u00e4\u010d\u0161ina majite\u013eov, ktor\u00ed mi volaj\u00fa, neh\u013ead\u00e1 v\u017edy len rady. H\u013eadaj\u00fa niekoho, kto prevezme zodpovednos\u0165 za operat\u00edvu a d\u00e1 im priestor znovu riadi\u0165 firmu. D\u00e1vame im ho s mojimi partnermi v <a href=\"https:\/\/www.mikealpha.eu\/leadership-on-demand\/\" target=\"_blank\" rel=\"noreferrer noopener\">Mike Alpha Consulting<\/a>. Rie\u0161ime zadania:<\/p>\n\n\n\n<hr class=\"wp-block-separator has-alpha-channel-opacity is-style-wide\"\/>\n\n\n\n<h3 class=\"wp-block-heading\">\u279e <strong>Prev\u00e1dzkov\u00fd audit<\/strong><\/h3>\n\n\n\n<p><em>Tu\u0161\u00edte, kde je probl\u00e9m, ale nie ste si ist\u00fd, kde presne sa skr\u00fdva.<\/em><\/p>\n\n\n\n<p>\u0160trukt\u00farovan\u00e1 diagnostika. Pozriem sa na to, ako firma skuto\u010dne funguje \u2014 nie ako by mala \u2014 a odovzd\u00e1m v\u00e1m prioritizovan\u00fa mapu toho, \u010do nefunguje a \u010do s t\u00fdm urobi\u0165. \u017diadny mesa\u010dn\u00fd z\u00e1v\u00e4zok, \u017eiadna dlhodob\u00e1 spolupr\u00e1ca.<\/p>\n\n\n\n<p><strong>V\u00fdstup<\/strong>: Mapa probl\u00e9mov + ak\u010dn\u00fd pl\u00e1n | <strong>Cena: <\/strong>Fixn\u00e1 projektov\u00e1 sadzba<\/p>\n\n\n\n<p>Vhodn\u00e9 ak: chcete druh\u00fd poh\u013ead zvonku sk\u00f4r, ne\u017e sa k nie\u010domu zavia\u017eete.<\/p>\n\n\n\n<hr class=\"wp-block-separator has-alpha-channel-opacity is-style-wide\"\/>\n\n\n\n<h3 class=\"wp-block-heading has-text-align-left\">\u279e <strong>Fractional COO \/ CEO \/ CMO \/ CFO<\/strong><\/h3>\n\n\n\n<p class=\"has-text-align-left\"><em>Potrebujete niekoho, kto bude riadi\u0165 operat\u00edvu. Nie na pln\u00fd \u00fav\u00e4zok.<\/em><\/p>\n\n\n\n<p class=\"has-text-align-left\">Operat\u00edvne vedenie na \u010diasto\u010dn\u00fd \"\u00fav\u00e4zok\" priamo vo va\u0161ej firme, zvy\u010dajne 2\u20133 dni t\u00fd\u017edenne. Pracujeme priamo s va\u0161\u00edm t\u00edmom, preber\u00e1me zodpovednos\u0165 za realiz\u00e1ciu a ka\u017ed\u00fd t\u00fd\u017ede\u0148 v\u00e1m pod\u00e1vame spr\u00e1vy. \u0160trukt\u00farovan\u00e9 v 3-mesa\u010dn\u00fdch cykloch, aby rozsah zostal realistick\u00fd a mand\u00e1t aktu\u00e1lny.<\/p>\n\n\n\n<p class=\"has-text-align-left\"><strong>Z\u00e1v\u00e4zok<\/strong>:  3-mesa\u010dn\u00e9 cykly | <strong>Pr\u00edtomnos\u0165: <\/strong>6\u201312 dn\u00ed\/mesiac <strong>Cena:<\/strong> mesa\u010dn\u00fd pau\u0161\u00e1l<\/p>\n\n\n\n<p class=\"has-text-align-left\">Vhodn\u00e9 ak: stew prer\u00e1stli  vlastn\u00fa kapacitu a potrebujete niekoho, kto bude veci realizova\u0165, nielen radi\u0165.<\/p>\n\n\n\n<hr class=\"wp-block-separator has-alpha-channel-opacity is-style-wide\"\/>\n\n\n\n<h3 class=\"wp-block-heading\"><strong>\u279e Interim Executive<\/strong><\/h3>\n\n\n\n<p><em>Nie\u010do sa pokazilo alebo niekto odi\u0161iel a vy potrebujete l\u00eddra pri sebe hne\u010f teraz.<\/em><\/p>\n\n\n\n<p>Na pln\u00fd \"\u00fav\u00e4zok\" definovan\u00e9 obdobie \u2014 zvy\u010dajne 3 a\u017e 9 mesiacov. Vst\u00fapime do roly, stabilizujeme operat\u00edvu a priebe\u017ene budujeme odovzdanie agendy. V\u00fdstupn\u00e1 strat\u00e9gia je napl\u00e1novan\u00e1 od prv\u00e9ho d\u0148a.<\/p>\n\n\n\n<p><strong>Z\u00e1v\u00e4zok: <\/strong>3-9 mesiacov | <strong>Pr\u00edtomnos\u0165: <\/strong>Pln\u00fd \u00fav\u00e4zok | <strong>Cena: <\/strong>Denn\u00e1 sadzba alebo projektov\u00fd pau\u0161\u00e1l<\/p>\n\n\n\n<p>Vhodn\u00e9 ak: rie\u0161ite v\u00fdpadok v mana\u017emente, re\u0161trukturaliz\u00e1ciu alebo kr\u00edzu, ktor\u00e1 nepo\u010dk\u00e1.<\/p>\n\n\n\n<hr class=\"wp-block-separator has-alpha-channel-opacity is-style-wide\"\/>\n\n\n\n<h3 class=\"wp-block-heading has-text-color has-link-color wp-elements-c40ebc2470f1077ef364f3da5cbf457d\" style=\"color:#c8102e\"><strong>Nie ste si ist\u00fd, \u010do sa hod\u00ed pre v\u00e1s?<\/strong><\/h3>\n\n\n\n<p>V\u00e4\u010d\u0161ina rozhovorov za\u010d\u00edna slovami: <em>\u201eViem, \u017ee nie\u010do nefunguje, len neviem presne \u010do.\"<\/em> To je dobr\u00fd za\u010diatok. Rezervujte si kr\u00e1tky  hovor \u2014 bez pr\u00edpravy.<\/p>\n\n\n\n<div class=\"wp-block-buttons is-layout-flex wp-block-buttons-is-layout-flex\">\n<div class=\"wp-block-button is-style-outline is-style-outline--1\"><a class=\"wp-block-button__link has-theme-palette-7-background-color has-text-color has-background has-link-color has-border-color has-theme-palette-5-border-color wp-element-button\" href=\"https:\/\/cal.meetergo.com\/tonytonymrocek\/45-min-free-meeting-tony\" style=\"border-width:2px;border-top-left-radius:4px;border-top-right-radius:4px;border-bottom-left-radius:4px;border-bottom-right-radius:4px;color:#363739\">Rezervujte si nez\u00e1v\u00e4zn\u00fd rozhovor<\/a><\/div>\n<\/div>\n\n\n\n<p class=\"has-small-font-size\">Rozhovory s\u00fa online alebo telefonicky. Na v\u0161etky dopyty odpoved\u00e1m do jedn\u00e9ho pracovn\u00e9ho d\u0148a.<\/p>\n\n\n\n<p><\/p>","protected":false},"excerpt":{"rendered":"<p>Operational leadership, without the full-time hire My core focus is fractional and interim management; stepping into SMBs as an experienced operator when they need leadership, not a new FTE hire. 25 years in the chair, today as a partner in&nbsp;Mike Alpha Consulting \u2192. Coaching grew out of that work: for owners and managers who want&#8230;<\/p>","protected":false},"author":1,"featured_media":0,"parent":0,"menu_order":0,"comment_status":"closed","ping_status":"closed","template":"","meta":{"_kad_post_transparent":"","_kad_post_title":"","_kad_post_layout":"","_kad_post_sidebar_id":"","_kad_post_content_style":"","_kad_post_vertical_padding":"","_kad_post_feature":"","_kad_post_feature_position":"","_kad_post_header":false,"_kad_post_footer":false,"_kad_post_classname":"","footnotes":""},"class_list":["post-576","page","type-page","status-publish","hentry"],"yoast_head":"<!-- This site is optimized with the Yoast SEO plugin v27.5 - https:\/\/yoast.com\/product\/yoast-seo-wordpress\/ -->\n<title>| Leadership on Demand - Tony Mrocek<\/title>\n<meta name=\"description\" content=\"Operational leadership, without the full-time hire Tony Mrocek\" \/>\n<meta name=\"robots\" content=\"index, follow, max-snippet:-1, max-image-preview:large, max-video-preview:-1\" \/>\n<link rel=\"canonical\" href=\"https:\/\/www.tonymrocek.com\/sk\/leadership-on-demand\/\" \/>\n<meta property=\"og:locale\" content=\"sk_SK\" \/>\n<meta property=\"og:type\" content=\"article\" \/>\n<meta property=\"og:title\" content=\"| Leadership on Demand - Tony Mrocek\" \/>\n<meta property=\"og:description\" content=\"Operational leadership, without the full-time hire Tony Mrocek\" \/>\n<meta property=\"og:url\" content=\"https:\/\/www.tonymrocek.com\/sk\/leadership-on-demand\/\" \/>\n<meta property=\"og:site_name\" content=\"Tony Mrocek\" \/>\n<meta property=\"article:modified_time\" content=\"2026-04-30T19:49:08+00:00\" \/>\n<meta name=\"twitter:card\" content=\"summary_large_image\" \/>\n<meta name=\"twitter:label1\" content=\"Predpokladan\u00fd \u010das \u010d\u00edtania\" \/>\n\t<meta name=\"twitter:data1\" content=\"3 min\u00faty\" \/>\n<script type=\"application\/ld+json\" class=\"yoast-schema-graph\">{\"@context\":\"https:\\\/\\\/schema.org\",\"@graph\":[{\"@type\":\"WebPage\",\"@id\":\"https:\\\/\\\/www.tonymrocek.com\\\/leadership-on-demand\\\/\",\"url\":\"https:\\\/\\\/www.tonymrocek.com\\\/leadership-on-demand\\\/\",\"name\":\"| Leadership on Demand - Tony Mrocek\",\"isPartOf\":{\"@id\":\"https:\\\/\\\/www.tonymrocek.com\\\/#website\"},\"datePublished\":\"2026-04-21T16:23:41+00:00\",\"dateModified\":\"2026-04-30T19:49:08+00:00\",\"description\":\"Operational leadership, without the full-time hire Tony Mrocek\",\"breadcrumb\":{\"@id\":\"https:\\\/\\\/www.tonymrocek.com\\\/leadership-on-demand\\\/#breadcrumb\"},\"inLanguage\":\"sk-SK\",\"potentialAction\":[{\"@type\":\"ReadAction\",\"target\":[\"https:\\\/\\\/www.tonymrocek.com\\\/leadership-on-demand\\\/\"]}]},{\"@type\":\"BreadcrumbList\",\"@id\":\"https:\\\/\\\/www.tonymrocek.com\\\/leadership-on-demand\\\/#breadcrumb\",\"itemListElement\":[{\"@type\":\"ListItem\",\"position\":1,\"name\":\"Home\",\"item\":\"https:\\\/\\\/www.tonymrocek.com\\\/\"},{\"@type\":\"ListItem\",\"position\":2,\"name\":\"| Leadership on Demand\"}]},{\"@type\":\"WebSite\",\"@id\":\"https:\\\/\\\/www.tonymrocek.com\\\/#website\",\"url\":\"https:\\\/\\\/www.tonymrocek.com\\\/\",\"name\":\"Tony Mrocek\",\"description\":\"\",\"publisher\":{\"@id\":\"https:\\\/\\\/www.tonymrocek.com\\\/#organization\"},\"potentialAction\":[{\"@type\":\"SearchAction\",\"target\":{\"@type\":\"EntryPoint\",\"urlTemplate\":\"https:\\\/\\\/www.tonymrocek.com\\\/?s={search_term_string}\"},\"query-input\":{\"@type\":\"PropertyValueSpecification\",\"valueRequired\":true,\"valueName\":\"search_term_string\"}}],\"inLanguage\":\"sk-SK\"},{\"@type\":\"Organization\",\"@id\":\"https:\\\/\\\/www.tonymrocek.com\\\/#organization\",\"name\":\"Tony Mrocek\",\"url\":\"https:\\\/\\\/www.tonymrocek.com\\\/\",\"logo\":{\"@type\":\"ImageObject\",\"inLanguage\":\"sk-SK\",\"@id\":\"https:\\\/\\\/www.tonymrocek.com\\\/#\\\/schema\\\/logo\\\/image\\\/\",\"url\":\"https:\\\/\\\/www.tonymrocek.com\\\/wp-content\\\/uploads\\\/2026\\\/04\\\/cropped-Tony-Mrocek.png\",\"contentUrl\":\"https:\\\/\\\/www.tonymrocek.com\\\/wp-content\\\/uploads\\\/2026\\\/04\\\/cropped-Tony-Mrocek.png\",\"width\":1607,\"height\":367,\"caption\":\"Tony Mrocek\"},\"image\":{\"@id\":\"https:\\\/\\\/www.tonymrocek.com\\\/#\\\/schema\\\/logo\\\/image\\\/\"}}]}<\/script>\n<!-- \/ Yoast SEO plugin. -->","yoast_head_json":{"title":"| Leadership on Demand - Tony Mrocek","description":"Operational leadership, without the full-time hire Tony Mrocek","robots":{"index":"index","follow":"follow","max-snippet":"max-snippet:-1","max-image-preview":"max-image-preview:large","max-video-preview":"max-video-preview:-1"},"canonical":"https:\/\/www.tonymrocek.com\/sk\/leadership-on-demand\/","og_locale":"sk_SK","og_type":"article","og_title":"| Leadership on Demand - Tony Mrocek","og_description":"Operational leadership, without the full-time hire Tony Mrocek","og_url":"https:\/\/www.tonymrocek.com\/sk\/leadership-on-demand\/","og_site_name":"Tony Mrocek","article_modified_time":"2026-04-30T19:49:08+00:00","twitter_card":"summary_large_image","twitter_misc":{"Predpokladan\u00fd \u010das \u010d\u00edtania":"3 min\u00faty"},"schema":{"@context":"https:\/\/schema.org","@graph":[{"@type":"WebPage","@id":"https:\/\/www.tonymrocek.com\/leadership-on-demand\/","url":"https:\/\/www.tonymrocek.com\/leadership-on-demand\/","name":"| Leadership on Demand - Tony Mrocek","isPartOf":{"@id":"https:\/\/www.tonymrocek.com\/#website"},"datePublished":"2026-04-21T16:23:41+00:00","dateModified":"2026-04-30T19:49:08+00:00","description":"Operational leadership, without the full-time hire Tony Mrocek","breadcrumb":{"@id":"https:\/\/www.tonymrocek.com\/leadership-on-demand\/#breadcrumb"},"inLanguage":"sk-SK","potentialAction":[{"@type":"ReadAction","target":["https:\/\/www.tonymrocek.com\/leadership-on-demand\/"]}]},{"@type":"BreadcrumbList","@id":"https:\/\/www.tonymrocek.com\/leadership-on-demand\/#breadcrumb","itemListElement":[{"@type":"ListItem","position":1,"name":"Home","item":"https:\/\/www.tonymrocek.com\/"},{"@type":"ListItem","position":2,"name":"| Leadership on Demand"}]},{"@type":"WebSite","@id":"https:\/\/www.tonymrocek.com\/#website","url":"https:\/\/www.tonymrocek.com\/","name":"Tony Mrocek","description":"","publisher":{"@id":"https:\/\/www.tonymrocek.com\/#organization"},"potentialAction":[{"@type":"SearchAction","target":{"@type":"EntryPoint","urlTemplate":"https:\/\/www.tonymrocek.com\/?s={search_term_string}"},"query-input":{"@type":"PropertyValueSpecification","valueRequired":true,"valueName":"search_term_string"}}],"inLanguage":"sk-SK"},{"@type":"Organization","@id":"https:\/\/www.tonymrocek.com\/#organization","name":"Tony Mrocek","url":"https:\/\/www.tonymrocek.com\/","logo":{"@type":"ImageObject","inLanguage":"sk-SK","@id":"https:\/\/www.tonymrocek.com\/#\/schema\/logo\/image\/","url":"https:\/\/www.tonymrocek.com\/wp-content\/uploads\/2026\/04\/cropped-Tony-Mrocek.png","contentUrl":"https:\/\/www.tonymrocek.com\/wp-content\/uploads\/2026\/04\/cropped-Tony-Mrocek.png","width":1607,"height":367,"caption":"Tony Mrocek"},"image":{"@id":"https:\/\/www.tonymrocek.com\/#\/schema\/logo\/image\/"}}]}},"_links":{"self":[{"href":"https:\/\/www.tonymrocek.com\/sk\/wp-json\/wp\/v2\/pages\/576","targetHints":{"allow":["GET"]}}],"collection":[{"href":"https:\/\/www.tonymrocek.com\/sk\/wp-json\/wp\/v2\/pages"}],"about":[{"href":"https:\/\/www.tonymrocek.com\/sk\/wp-json\/wp\/v2\/types\/page"}],"author":[{"embeddable":true,"href":"https:\/\/www.tonymrocek.com\/sk\/wp-json\/wp\/v2\/users\/1"}],"replies":[{"embeddable":true,"href":"https:\/\/www.tonymrocek.com\/sk\/wp-json\/wp\/v2\/comments?post=576"}],"version-history":[{"count":6,"href":"https:\/\/www.tonymrocek.com\/sk\/wp-json\/wp\/v2\/pages\/576\/revisions"}],"predecessor-version":[{"id":696,"href":"https:\/\/www.tonymrocek.com\/sk\/wp-json\/wp\/v2\/pages\/576\/revisions\/696"}],"wp:attachment":[{"href":"https:\/\/www.tonymrocek.com\/sk\/wp-json\/wp\/v2\/media?parent=576"}],"curies":[{"name":"wp","href":"https:\/\/api.w.org\/{rel}","templated":true}]}}